{"id":30,"date":"2017-01-17T15:12:22","date_gmt":"2017-01-17T15:12:22","guid":{"rendered":"https:\/\/www.sksfrancepresernnis.org.rs\/?page_id=30"},"modified":"2017-01-20T17:40:21","modified_gmt":"2017-01-20T17:40:21","slug":"o-nas","status":"publish","type":"page","link":"https:\/\/www.sksfrancepresernnis.org.rs\/index.php\/o-nas\/","title":{"rendered":"O Nas"},"content":{"rendered":"<p align=\"justify\"><span style=\"color: #000000; font-size: 110%;\"><strong>SKZ \u201eFrance Pre\u0161eren\u201c u Ni\u0161u<\/strong> je nevladina organizacija, ustanovljena oktobra 2004. godine sa ciljem da povezuje ljude slovena\u010dkog porekla i sve kojima je Sovenija pri srcu. Trenutno imamo okrog 260 \u010dlanova, Slovenca po poreklu, \u010dlanove srpske i drugih nacionalnosti.<\/span><\/p>\n<p align=\"justify\"><span style=\"color: #000000; font-size: 110%;\">Delujemo na podro\u010dju Ni\u0161a i u vezi smo i sa svim slovena\u010dkim dru\u0161tvima u Srbiji. Cilj delovanja zajednice je o\u010duvanje tradicionalnih kulturnih vrednosti slovena\u010dkog naroda, u\u010denje slovena\u010dkog jezika, tako\u0111e i o\u010duvane aktivnih veza sa mati\u010dnom dr\u017eavom \u2013 Slovenijom i uspostavljane i o\u010duvanje veza me\u0111u srpskim i slovena\u010dkim narodom.<\/span><\/p>\n<p><center><img decoding=\"async\" loading=\"lazy\" class=\"wp-image-177 alignnone\" src=\"https:\/\/www.sksfrancepresernnis.org.rs\/wp-content\/uploads\/2017\/01\/onas1-300x185.jpg\" alt=\"\" width=\"378\" height=\"233\" srcset=\"https:\/\/www.sksfrancepresernnis.org.rs\/wp-content\/uploads\/2017\/01\/onas1-300x185.jpg 300w, https:\/\/www.sksfrancepresernnis.org.rs\/wp-content\/uploads\/2017\/01\/onas1.jpg 465w\" sizes=\"(max-width: 378px) 100vw, 378px\" \/>\u00a0 \u00a0<img decoding=\"async\" loading=\"lazy\" class=\" wp-image-178 alignnone\" src=\"https:\/\/www.sksfrancepresernnis.org.rs\/wp-content\/uploads\/2017\/01\/onas2-300x225.jpg\" alt=\"\" width=\"307\" height=\"230\" srcset=\"https:\/\/www.sksfrancepresernnis.org.rs\/wp-content\/uploads\/2017\/01\/onas2-300x225.jpg 300w, https:\/\/www.sksfrancepresernnis.org.rs\/wp-content\/uploads\/2017\/01\/onas2.jpg 381w\" sizes=\"(max-width: 307px) 100vw, 307px\" \/>\u00a0 \u00a0<img decoding=\"async\" loading=\"lazy\" class=\" wp-image-179 alignnone\" src=\"https:\/\/www.sksfrancepresernnis.org.rs\/wp-content\/uploads\/2017\/01\/onas3-300x226.jpg\" alt=\"\" width=\"313\" height=\"236\" srcset=\"https:\/\/www.sksfrancepresernnis.org.rs\/wp-content\/uploads\/2017\/01\/onas3-300x226.jpg 300w, https:\/\/www.sksfrancepresernnis.org.rs\/wp-content\/uploads\/2017\/01\/onas3.jpg 379w\" sizes=\"(max-width: 313px) 100vw, 313px\" \/><\/center><\/p>\n<div align=\"justify\">\n<p><span style=\"color: #000000; font-size: 110%;\">U okviru zajednice deluju odbori \u010dije su aktivnosti u funkciji ostvarenja ciljeva zajednice:<\/span><\/p>\n<ul>\n<ol>\n<li class=\"span_cont\"><span style=\"color: #000000; font-size: 110%;\">Odbor za kulturu, sa delatnostima:<\/span><\/li>\n<\/ol>\n<ul>\n<ul>\n<li><span style=\"color: #000000; font-size: 110%;\"><em>horska, koji uspe\u0161no izvodi slovena\u010dku narodnu i autorsku muziku,<\/em><\/span><\/li>\n<li><span style=\"color: #000000; font-size: 110%;\"><em>pripreme i organizacija izlo\u017ebi likovnih umetnika i umetni\u010dkih fotografa,<\/em><\/span><\/li>\n<li><span style=\"color: #000000; font-size: 110%;\"><em>je napisana monografija o slovena\u010dkim muzi\u010darima koji su delovali u ni\u0161kom regionu.<\/em><\/span><\/li>\n<\/ul>\n<\/ul>\n<ol>\n<li class=\"span_cont\" value=\"2\"><span style=\"color: #000000; font-size: 110%;\">Odbor za obrazovanje, sa delatnostima:<\/span><\/li>\n<\/ol>\n<ul>\n<ul>\n<li><span style=\"color: #000000; font-size: 110%;\"><em>dopunska nastava slovena\u010dkog jezika,<\/em><\/span><\/li>\n<li><span style=\"color: #000000; font-size: 110%;\"><em>priprema i izdavanje periodi\u010dne publikacije dru\u0161tava &#8211; Biltena,<\/em><\/span><\/li>\n<li><span style=\"color: #000000; font-size: 110%;\"><em>odnosi sa javno\u0161\u0107u.<\/em><\/span><\/li>\n<\/ul>\n<\/ul>\n<ol>\n<li class=\"span_cont\" value=\"3\"><span style=\"color: #000000; font-size: 110%;\">Odbor za zdravstvo in humanitarne delatnosti:<\/span><\/li>\n<\/ol>\n<ul>\n<ul>\n<li><span style=\"color: #000000; font-size: 110%;\"><em>stru\u010dna predavanja iz medicine,<\/em><\/span><\/li>\n<li><span style=\"color: #000000; font-size: 110%;\"><em>dobrovoljno davanje krvi,<\/em><\/span><\/li>\n<li><span style=\"color: #000000; font-size: 110%;\"><em>humanitarna delatnost.<\/em><\/span><\/li>\n<\/ul>\n<\/ul>\n<ol>\n<li class=\"span_cont\" value=\"4\"><span style=\"color: #000000; font-size: 110%;\">Odbor za sport i rekreaciju:<\/span><\/li>\n<\/ol>\n<ul>\n<ul>\n<li><span style=\"color: #000000; font-size: 110%;\"><em>Planinska sekcija <a style=\"color: #000000; font-size: 110%;\" href=\"https:\/\/www.sksfrancepresernnis.org.rs\/index.php\/zmajceki\/\"><strong>Zmaj\u010deki<\/strong><\/a>,<\/em><\/span><\/li>\n<li><span style=\"color: #000000; font-size: 110%;\"><em>biciklizam,<\/em><\/span><\/li>\n<li><span style=\"color: #000000; font-size: 110%;\"><em>\u0161ah.<\/em><\/span><\/li>\n<\/ul>\n<\/ul>\n<\/ul>\n<p align=\"justify\"><span style=\"color: #000000; font-size: 110%;\">Aktivno u\u010destvujemo u radu Nacionalnog Saveta Slovena\u010dke nacionalne manjine u Srbiji, sa na\u0161a dva elektora. \u010clan zajednice je uklju\u010den u rad odbora za ljudska i manjinska prava na lokalnem nivou u Ni\u0161u. Organizujemo konzularne dane za potrebe \u010dlanstva SKS \u00bbFrance Pre\u0161eren\u00ab Ni\u0161, i \u010dlanove slovena\u010dkih zajednica iz ju\u017ene i isto\u010dne Srbije.<\/span><\/p>\n<p align=\"justify\"><span style=\"color: #000000; font-size: 110%;\">Rad i projekti SKS \u201cFrance Pre\u0161eren\u201d Ni\u0161 finansijski su podr\u017eani: iz vlastitih sredstava, od Kancelarije za Slovence u zemlji i svetu, od Ambasade Republike Slovenije u Beogradu, od Nacionalnog Saveta Slovna\u010dke nacionalne manjine u Srbiji, od Grada Ni\u0161 in njegovih op\u0161tina, Donacijama slovena\u010dkih firmi koje su prisutne u republici Srbiji.<\/span><\/p>\n<\/div>\n","protected":false},"excerpt":{"rendered":"<p>SKZ \u201eFrance Pre\u0161eren\u201c u Ni\u0161u je nevladina organizacija, ustanovljena oktobra 2004. godine sa ciljem da povezuje ljude slovena\u010dkog porekla i sve kojima je Sovenija pri srcu. Trenutno imamo okrog 260 \u010dlanova, Slovenca po poreklu, \u010dlanove srpske i drugih nacionalnosti. Delujemo na podro\u010dju Ni\u0161a i u vezi smo i sa svim slovena\u010dkim dru\u0161tvima u Srbiji. Cilj [&hellip;]<\/p>\n","protected":false},"author":10,"featured_media":0,"parent":0,"menu_order":0,"comment_status":"closed","ping_status":"closed","template":"page-fullwidth.php","meta":[],"_links":{"self":[{"href":"https:\/\/www.sksfrancepresernnis.org.rs\/index.php\/wp-json\/wp\/v2\/pages\/30"}],"collection":[{"href":"https:\/\/www.sksfrancepresernnis.org.rs\/index.php\/wp-json\/wp\/v2\/pages"}],"about":[{"href":"https:\/\/www.sksfrancepresernnis.org.rs\/index.php\/wp-json\/wp\/v2\/types\/page"}],"author":[{"embeddable":true,"href":"https:\/\/www.sksfrancepresernnis.org.rs\/index.php\/wp-json\/wp\/v2\/users\/10"}],"replies":[{"embeddable":true,"href":"https:\/\/www.sksfrancepresernnis.org.rs\/index.php\/wp-json\/wp\/v2\/comments?post=30"}],"version-history":[{"count":35,"href":"https:\/\/www.sksfrancepresernnis.org.rs\/index.php\/wp-json\/wp\/v2\/pages\/30\/revisions"}],"predecessor-version":[{"id":1663,"href":"https:\/\/www.sksfrancepresernnis.org.rs\/index.php\/wp-json\/wp\/v2\/pages\/30\/revisions\/1663"}],"wp:attachment":[{"href":"https:\/\/www.sksfrancepresernnis.org.rs\/index.php\/wp-json\/wp\/v2\/media?parent=30"}],"curies":[{"name":"wp","href":"https:\/\/api.w.org\/{rel}","templated":true}]}}