{"id":188,"date":"2017-01-17T18:37:32","date_gmt":"2017-01-17T18:37:32","guid":{"rendered":"https:\/\/www.sksfrancepresernnis.org.rs\/?page_id=188"},"modified":"2017-01-18T14:01:57","modified_gmt":"2017-01-18T14:01:57","slug":"zmajceki","status":"publish","type":"page","link":"https:\/\/www.sksfrancepresernnis.org.rs\/index.php\/zmajceki\/","title":{"rendered":"Zmaj\u010deki"},"content":{"rendered":"<p style=\"text-align: left;\"><img decoding=\"async\" loading=\"lazy\" class=\"size-full wp-image-215 aligncenter\" src=\"https:\/\/www.sksfrancepresernnis.org.rs\/wp-content\/uploads\/2017\/01\/zmajecki.png\" alt=\"\" width=\"1600\" height=\"286\" srcset=\"https:\/\/www.sksfrancepresernnis.org.rs\/wp-content\/uploads\/2017\/01\/zmajecki.png 1600w, https:\/\/www.sksfrancepresernnis.org.rs\/wp-content\/uploads\/2017\/01\/zmajecki-300x54.png 300w, https:\/\/www.sksfrancepresernnis.org.rs\/wp-content\/uploads\/2017\/01\/zmajecki-768x137.png 768w, https:\/\/www.sksfrancepresernnis.org.rs\/wp-content\/uploads\/2017\/01\/zmajecki-1024x183.png 1024w\" sizes=\"(max-width: 1600px) 100vw, 1600px\" \/><\/p>\n<h2 style=\"text-align: center;\"><span style=\"color: #000000; font-size: 110%;\"> Sekcija planinara zmaj\u010deki <\/span><\/h2>\n<p><span style=\"color: #000000; font-size: 110%;\"> Sekcija je formirana tokom 2010. leta. Takoj je svoje delovanje ostvarjala v sklopu P.D. &#8220;Suva planina&#8221; Ni\u0161.<\/span><\/p>\n<p><span style=\"color: #000000; font-size: 110%;\"> 10.04.2010. leta se je kolektivno v\u010dlanila v P.D. &#8220;Suva planina&#8221;, a kot sekcija deluje v tem dru\u0161tvu od 07.02.2012. leta. <\/span><\/p>\n<p><span style=\"color: #000000; font-size: 110%;\"> 20.03.2012. leta\u00a0 vpisana je v statut P.D. &#8220;Suva planina&#8221; v 52. \u010dlenu. <\/span><\/p>\n<p><span style=\"color: #000000; font-size: 110%;\"> Rukovodilac sekcije je \u0160obar Anton. \u010clanovi sekcije po planu P.D. &#8220;Suva planina&#8221; obhajajo steze v \u0161ir\u0161i okolici Ni\u0161a. Udele\u017eujemo se sestanka P.D. &#8220;Suva planina&#8221;\u00a0 vsak torek. V trdnavi &#8211; dom planinara &#8211; ob 18. uri zimi in 19. uri poleti.<\/span><\/p>\n<p><span style=\"color: #000000; font-size: 110%;\"> Planinarstvo in pohodni\u0161tvo ima veliko tradicijo v Sloveniji, pa pozivamo \u010dlane SKS France Pre\u0161eren da se aktivno vklju\u010dijo v rad sekcije Zmaj\u010deki.<\/span><\/p>\n<p><span style=\"color: #000000; font-size: 110%;\"> Vsa teko\u0107a obvestila su na oglasmoj deski skupnosti.<\/span><br \/>\n<span style=\"color: #000000; font-size: 110%;\"><br \/>\nMobilni telefoni\u00a0:<br \/>\n\u0160obar Anton \u00a0\u00a0\u00a0\u00a0\u00a0\u00a0\u00a0\u00a0\u00a0\u00a0\u00a0 064 509 1963<br \/>\nGori\u0161ek Stanislav\u00a0\u00a0\u00a0\u00a0 062 832 1417<br \/>\nKukovec Marijan\u00a0\u00a0\u00a0\u00a0\u00a0\u00a0 064 39 12 212<br \/>\n<\/span><\/p>\n","protected":false},"excerpt":{"rendered":"<p>Sekcija planinara zmaj\u010deki Sekcija je formirana tokom 2010. leta. Takoj je svoje delovanje ostvarjala v sklopu P.D. &#8220;Suva planina&#8221; Ni\u0161. 10.04.2010. leta se je kolektivno v\u010dlanila v P.D. &#8220;Suva planina&#8221;, a kot sekcija deluje v tem dru\u0161tvu od 07.02.2012. leta. 20.03.2012. leta\u00a0 vpisana je v statut P.D. &#8220;Suva planina&#8221; v 52. \u010dlenu. Rukovodilac sekcije je [&hellip;]<\/p>\n","protected":false},"author":10,"featured_media":0,"parent":0,"menu_order":0,"comment_status":"closed","ping_status":"closed","template":"page-fullwidth.php","meta":[],"_links":{"self":[{"href":"https:\/\/www.sksfrancepresernnis.org.rs\/index.php\/wp-json\/wp\/v2\/pages\/188"}],"collection":[{"href":"https:\/\/www.sksfrancepresernnis.org.rs\/index.php\/wp-json\/wp\/v2\/pages"}],"about":[{"href":"https:\/\/www.sksfrancepresernnis.org.rs\/index.php\/wp-json\/wp\/v2\/types\/page"}],"author":[{"embeddable":true,"href":"https:\/\/www.sksfrancepresernnis.org.rs\/index.php\/wp-json\/wp\/v2\/users\/10"}],"replies":[{"embeddable":true,"href":"https:\/\/www.sksfrancepresernnis.org.rs\/index.php\/wp-json\/wp\/v2\/comments?post=188"}],"version-history":[{"count":28,"href":"https:\/\/www.sksfrancepresernnis.org.rs\/index.php\/wp-json\/wp\/v2\/pages\/188\/revisions"}],"predecessor-version":[{"id":222,"href":"https:\/\/www.sksfrancepresernnis.org.rs\/index.php\/wp-json\/wp\/v2\/pages\/188\/revisions\/222"}],"wp:attachment":[{"href":"https:\/\/www.sksfrancepresernnis.org.rs\/index.php\/wp-json\/wp\/v2\/media?parent=188"}],"curies":[{"name":"wp","href":"https:\/\/api.w.org\/{rel}","templated":true}]}}